{"id":7846,"date":"2025-03-16T16:57:39","date_gmt":"2025-03-16T16:57:39","guid":{"rendered":"https:\/\/td.hyborders.com\/td-accomodation\/apartments-ceklin\/"},"modified":"2025-05-09T10:40:26","modified_gmt":"2025-05-09T10:40:26","slug":"apartments-ceklin","status":"publish","type":"td-accomodation","link":"https:\/\/tdbohinj.si\/en\/td-accomodation\/apartments-ceklin\/","title":{"rendered":"Apartments Ceklin***"},"content":{"rendered":"<p><span style=\"font-size: 14pt;\"><strong>&#8220;There are pictures that speak, memories that live.<\/strong><\/span><\/p>\n<p><span style=\"font-size: 14pt;\"><strong>There are paths that invite and benches that wait.&#8221;<\/strong><\/span><\/p>\n<p>&nbsp;<\/p>\n<p><span style=\"font-size: 14pt;\">Dear guests!<\/span><\/p>\n<p><span style=\"font-size: 14pt;\">Welcome to the Apartments Ceklin. Two apartments are waiting for you. You will find us at the beginning of the village <strong>Stara Fu\u017eina<\/strong>. We are away from the hustle and bustle of the village, the main road and the bars. The two houses are surrounded by a large garden which offers plenty of shade, peace, relaxation and enjoyment. A stream runs alongside the garden, which can cool you down in the summer. Pets are welcome. There is also a bus stop nearby.<\/span><\/p>\n<p>&nbsp;<\/p>\n<p><span style=\"font-size: 14pt;\"><strong>Apartment 1 (**)<\/strong> is located in the lower, semi-basement part of our house, it is very bright, has its own entrance and access to the garden.<\/span><\/p>\n<p><span style=\"font-size: 14pt;\">The apartment features:<\/span><\/p>\n<p><span style=\"font-size: 14pt;\">a double bedroom with two beds (double bed)<\/span><br \/>\n<span style=\"font-size: 14pt;\">a communal area with a third bed and a kitchenette<\/span><br \/>\n<span style=\"font-size: 14pt;\">bathroom with shower<\/span><br \/>\n<span style=\"font-size: 14pt;\">entrance hall<\/span><\/p>\n<p><span style=\"font-size: 14pt;\">In front of the apartment in the garden there is a garden table with benches, space for lounge chairs and a garden barbecue.<\/span><\/p>\n<p>&nbsp;<\/p>\n<p><span style=\"font-size: 14pt;\"><strong>Apartment 2 (***)<\/strong> is on the 1st floor of a small house next to our house and has its own entrance.<\/span><\/p>\n<p><span style=\"font-size: 14pt;\">The apartment features:<\/span><\/p>\n<p><span style=\"font-size: 14pt;\">bedroom with two beds ( double bed)<\/span><br \/>\n<span style=\"font-size: 14pt;\">a communal room with a third bed and a kitchenette<\/span><br \/>\n<span style=\"font-size: 14pt;\">bathroom with shower<\/span><br \/>\n<span style=\"font-size: 14pt;\">entrance hall with staircase<\/span><\/p>\n<p><span style=\"font-size: 14pt;\">In the large garden with a tree, which offers plenty of shade, there is a garden table with benches, lounge chairs and a barbecue.<\/span><\/p>\n<p><span style=\"font-size: 14pt;\">We look forward to welcoming you!<\/span><\/p>\n<p>&nbsp;<\/p>\n<p><span style=\"font-size: 14pt;\"><strong>Virtual view<br \/>\n<\/strong><\/span><\/p>\n<p><span style=\"font-size: 14pt;\"><strong>Apartment Nr. 1:\u00a0 \u00a0 \u00a0 \u00a0 \u00a0 \u00a0 \u00a0 \u00a0Apartment Nr. 2:\u00a0<\/strong><\/span><\/p>\n<p><strong><a href=\"http:\/\/www.vm360.si\/360view\/bohinj\/stara-fuzina-34\/1\/\"><img decoding=\"async\" class=\"alignnone size-full wp-image-2046531\" src=\"https:\/\/tdbohinj.si\/wp-content\/uploads\/2025\/03\/360_gumb_100_px-20250318-004757.png\" alt=\"\" \/><\/a>\u00a0 \u00a0 \u00a0 \u00a0 \u00a0 \u00a0 \u00a0 \u00a0 \u00a0 \u00a0 \u00a0 \u00a0 \u00a0<a href=\"http:\/\/www.vm360.si\/360view\/bohinj\/stara-fuzina-34\/2\/\"><img decoding=\"async\" class=\"alignnone size-full wp-image-2046531\" src=\"https:\/\/tdbohinj.si\/wp-content\/uploads\/2025\/03\/360_gumb_100_px-20250318-004757.png\" alt=\"\" \/><\/a><\/strong><\/p>\n","protected":false},"featured_media":8575,"template":"","meta":{"_acf_changed":false,"inline_featured_image":false,"footnotes":""},"badge":[147],"nastanitev-kategorija":[153],"nastanitev-lokacija":[],"class_list":["post-7846","td-accomodation","type-td-accomodation","status-publish","has-post-thumbnail","hentry","badge-recommended","nastanitev-kategorija-apartment"],"acf":[],"yoast_head":"<!-- This site is optimized with the Yoast SEO plugin v25.2 - https:\/\/yoast.com\/wordpress\/plugins\/seo\/ -->\n<title>Apartments Ceklin*** - Turisti\u010dno dru\u0161tvo Bohinj<\/title>\n<meta name=\"robots\" content=\"index, follow, max-snippet:-1, max-image-preview:large, max-video-preview:-1\" \/>\n<link rel=\"canonical\" href=\"https:\/\/tdbohinj.si\/en\/td-accomodation\/apartments-ceklin\/\" \/>\n<meta property=\"og:locale\" content=\"en_US\" \/>\n<meta property=\"og:type\" content=\"article\" \/>\n<meta property=\"og:title\" content=\"Apartments Ceklin*** - Turisti\u010dno dru\u0161tvo Bohinj\" \/>\n<meta property=\"og:description\" content=\"There are two apartments at the beginning of the village Stara Fu\u017eina, away from the hustle and bustle of the village. The two houses are surrounded by a large garden which offers plenty of shade, peace, relaxation and enjoyment.\" \/>\n<meta property=\"og:url\" content=\"https:\/\/tdbohinj.si\/en\/td-accomodation\/apartments-ceklin\/\" \/>\n<meta property=\"og:site_name\" content=\"Turisti\u010dno dru\u0161tvo Bohinj\" \/>\n<meta property=\"article:publisher\" content=\"https:\/\/www.facebook.com\/InfoCenterBohinj\/\" \/>\n<meta property=\"article:modified_time\" content=\"2025-05-09T10:40:26+00:00\" \/>\n<meta property=\"og:image\" content=\"https:\/\/tdbohinj.si\/wp-content\/uploads\/2025\/03\/Fuzina-Ceklin-Bacar-Irena8-Medium-20250318-144911.jpg\" \/>\n\t<meta property=\"og:image:width\" content=\"1152\" \/>\n\t<meta property=\"og:image:height\" content=\"768\" \/>\n\t<meta property=\"og:image:type\" content=\"image\/jpeg\" \/>\n<meta name=\"twitter:card\" content=\"summary_large_image\" \/>\n<meta name=\"twitter:label1\" content=\"Est. reading time\" \/>\n\t<meta name=\"twitter:data1\" content=\"1 minute\" \/>\n<script type=\"application\/ld+json\" class=\"yoast-schema-graph\">{\"@context\":\"https:\/\/schema.org\",\"@graph\":[{\"@type\":\"WebPage\",\"@id\":\"https:\/\/tdbohinj.si\/en\/td-accomodation\/apartments-ceklin\/\",\"url\":\"https:\/\/tdbohinj.si\/en\/td-accomodation\/apartments-ceklin\/\",\"name\":\"Apartments Ceklin*** - Turisti\u010dno dru\u0161tvo Bohinj\",\"isPartOf\":{\"@id\":\"https:\/\/tdbohinj.si\/en\/#website\"},\"primaryImageOfPage\":{\"@id\":\"https:\/\/tdbohinj.si\/en\/td-accomodation\/apartments-ceklin\/#primaryimage\"},\"image\":{\"@id\":\"https:\/\/tdbohinj.si\/en\/td-accomodation\/apartments-ceklin\/#primaryimage\"},\"thumbnailUrl\":\"https:\/\/tdbohinj.si\/wp-content\/uploads\/2025\/03\/Fuzina-Ceklin-Bacar-Irena8-Medium-20250318-144911.jpg\",\"datePublished\":\"2025-03-16T16:57:39+00:00\",\"dateModified\":\"2025-05-09T10:40:26+00:00\",\"breadcrumb\":{\"@id\":\"https:\/\/tdbohinj.si\/en\/td-accomodation\/apartments-ceklin\/#breadcrumb\"},\"inLanguage\":\"en-US\",\"potentialAction\":[{\"@type\":\"ReadAction\",\"target\":[\"https:\/\/tdbohinj.si\/en\/td-accomodation\/apartments-ceklin\/\"]}]},{\"@type\":\"ImageObject\",\"inLanguage\":\"en-US\",\"@id\":\"https:\/\/tdbohinj.si\/en\/td-accomodation\/apartments-ceklin\/#primaryimage\",\"url\":\"https:\/\/tdbohinj.si\/wp-content\/uploads\/2025\/03\/Fuzina-Ceklin-Bacar-Irena8-Medium-20250318-144911.jpg\",\"contentUrl\":\"https:\/\/tdbohinj.si\/wp-content\/uploads\/2025\/03\/Fuzina-Ceklin-Bacar-Irena8-Medium-20250318-144911.jpg\",\"width\":1152,\"height\":768},{\"@type\":\"BreadcrumbList\",\"@id\":\"https:\/\/tdbohinj.si\/en\/td-accomodation\/apartments-ceklin\/#breadcrumb\",\"itemListElement\":[{\"@type\":\"ListItem\",\"position\":1,\"name\":\"Home\",\"item\":\"https:\/\/tdbohinj.si\/en\/homepage\/\"},{\"@type\":\"ListItem\",\"position\":2,\"name\":\"Apartments Ceklin***\"}]},{\"@type\":\"WebSite\",\"@id\":\"https:\/\/tdbohinj.si\/en\/#website\",\"url\":\"https:\/\/tdbohinj.si\/en\/\",\"name\":\"Turisti\u010dno dru\u0161tvo Bohinj\",\"description\":\"Pri nas doma\",\"publisher\":{\"@id\":\"https:\/\/tdbohinj.si\/en\/#organization\"},\"potentialAction\":[{\"@type\":\"SearchAction\",\"target\":{\"@type\":\"EntryPoint\",\"urlTemplate\":\"https:\/\/tdbohinj.si\/en\/?s={search_term_string}\"},\"query-input\":{\"@type\":\"PropertyValueSpecification\",\"valueRequired\":true,\"valueName\":\"search_term_string\"}}],\"inLanguage\":\"en-US\"},{\"@type\":\"Organization\",\"@id\":\"https:\/\/tdbohinj.si\/en\/#organization\",\"name\":\"Turisti\u010dno dru\u0161tvo Bohinj\",\"url\":\"https:\/\/tdbohinj.si\/en\/\",\"logo\":{\"@type\":\"ImageObject\",\"inLanguage\":\"en-US\",\"@id\":\"https:\/\/tdbohinj.si\/en\/#\/schema\/logo\/image\/\",\"url\":\"https:\/\/tdbohinj.si\/wp-content\/uploads\/2025\/02\/Logo_dark.svg\",\"contentUrl\":\"https:\/\/tdbohinj.si\/wp-content\/uploads\/2025\/02\/Logo_dark.svg\",\"width\":174,\"height\":80,\"caption\":\"Turisti\u010dno dru\u0161tvo Bohinj\"},\"image\":{\"@id\":\"https:\/\/tdbohinj.si\/en\/#\/schema\/logo\/image\/\"},\"sameAs\":[\"https:\/\/www.facebook.com\/InfoCenterBohinj\/\",\"https:\/\/www.instagram.com\/info_center_bohinj\/\"]}]}<\/script>\n<!-- \/ Yoast SEO plugin. -->","yoast_head_json":{"title":"Apartments Ceklin*** - Turisti\u010dno dru\u0161tvo Bohinj","robots":{"index":"index","follow":"follow","max-snippet":"max-snippet:-1","max-image-preview":"max-image-preview:large","max-video-preview":"max-video-preview:-1"},"canonical":"https:\/\/tdbohinj.si\/en\/td-accomodation\/apartments-ceklin\/","og_locale":"en_US","og_type":"article","og_title":"Apartments Ceklin*** - Turisti\u010dno dru\u0161tvo Bohinj","og_description":"There are two apartments at the beginning of the village Stara Fu\u017eina, away from the hustle and bustle of the village. The two houses are surrounded by a large garden which offers plenty of shade, peace, relaxation and enjoyment.","og_url":"https:\/\/tdbohinj.si\/en\/td-accomodation\/apartments-ceklin\/","og_site_name":"Turisti\u010dno dru\u0161tvo Bohinj","article_publisher":"https:\/\/www.facebook.com\/InfoCenterBohinj\/","article_modified_time":"2025-05-09T10:40:26+00:00","og_image":[{"width":1152,"height":768,"url":"https:\/\/tdbohinj.si\/wp-content\/uploads\/2025\/03\/Fuzina-Ceklin-Bacar-Irena8-Medium-20250318-144911.jpg","type":"image\/jpeg"}],"twitter_card":"summary_large_image","twitter_misc":{"Est. reading time":"1 minute"},"schema":{"@context":"https:\/\/schema.org","@graph":[{"@type":"WebPage","@id":"https:\/\/tdbohinj.si\/en\/td-accomodation\/apartments-ceklin\/","url":"https:\/\/tdbohinj.si\/en\/td-accomodation\/apartments-ceklin\/","name":"Apartments Ceklin*** - Turisti\u010dno dru\u0161tvo Bohinj","isPartOf":{"@id":"https:\/\/tdbohinj.si\/en\/#website"},"primaryImageOfPage":{"@id":"https:\/\/tdbohinj.si\/en\/td-accomodation\/apartments-ceklin\/#primaryimage"},"image":{"@id":"https:\/\/tdbohinj.si\/en\/td-accomodation\/apartments-ceklin\/#primaryimage"},"thumbnailUrl":"https:\/\/tdbohinj.si\/wp-content\/uploads\/2025\/03\/Fuzina-Ceklin-Bacar-Irena8-Medium-20250318-144911.jpg","datePublished":"2025-03-16T16:57:39+00:00","dateModified":"2025-05-09T10:40:26+00:00","breadcrumb":{"@id":"https:\/\/tdbohinj.si\/en\/td-accomodation\/apartments-ceklin\/#breadcrumb"},"inLanguage":"en-US","potentialAction":[{"@type":"ReadAction","target":["https:\/\/tdbohinj.si\/en\/td-accomodation\/apartments-ceklin\/"]}]},{"@type":"ImageObject","inLanguage":"en-US","@id":"https:\/\/tdbohinj.si\/en\/td-accomodation\/apartments-ceklin\/#primaryimage","url":"https:\/\/tdbohinj.si\/wp-content\/uploads\/2025\/03\/Fuzina-Ceklin-Bacar-Irena8-Medium-20250318-144911.jpg","contentUrl":"https:\/\/tdbohinj.si\/wp-content\/uploads\/2025\/03\/Fuzina-Ceklin-Bacar-Irena8-Medium-20250318-144911.jpg","width":1152,"height":768},{"@type":"BreadcrumbList","@id":"https:\/\/tdbohinj.si\/en\/td-accomodation\/apartments-ceklin\/#breadcrumb","itemListElement":[{"@type":"ListItem","position":1,"name":"Home","item":"https:\/\/tdbohinj.si\/en\/homepage\/"},{"@type":"ListItem","position":2,"name":"Apartments Ceklin***"}]},{"@type":"WebSite","@id":"https:\/\/tdbohinj.si\/en\/#website","url":"https:\/\/tdbohinj.si\/en\/","name":"Turisti\u010dno dru\u0161tvo Bohinj","description":"Pri nas doma","publisher":{"@id":"https:\/\/tdbohinj.si\/en\/#organization"},"potentialAction":[{"@type":"SearchAction","target":{"@type":"EntryPoint","urlTemplate":"https:\/\/tdbohinj.si\/en\/?s={search_term_string}"},"query-input":{"@type":"PropertyValueSpecification","valueRequired":true,"valueName":"search_term_string"}}],"inLanguage":"en-US"},{"@type":"Organization","@id":"https:\/\/tdbohinj.si\/en\/#organization","name":"Turisti\u010dno dru\u0161tvo Bohinj","url":"https:\/\/tdbohinj.si\/en\/","logo":{"@type":"ImageObject","inLanguage":"en-US","@id":"https:\/\/tdbohinj.si\/en\/#\/schema\/logo\/image\/","url":"https:\/\/tdbohinj.si\/wp-content\/uploads\/2025\/02\/Logo_dark.svg","contentUrl":"https:\/\/tdbohinj.si\/wp-content\/uploads\/2025\/02\/Logo_dark.svg","width":174,"height":80,"caption":"Turisti\u010dno dru\u0161tvo Bohinj"},"image":{"@id":"https:\/\/tdbohinj.si\/en\/#\/schema\/logo\/image\/"},"sameAs":["https:\/\/www.facebook.com\/InfoCenterBohinj\/","https:\/\/www.instagram.com\/info_center_bohinj\/"]}]}},"_links":{"self":[{"href":"https:\/\/tdbohinj.si\/en\/wp-json\/wp\/v2\/td-accomodation\/7846","targetHints":{"allow":["GET"]}}],"collection":[{"href":"https:\/\/tdbohinj.si\/en\/wp-json\/wp\/v2\/td-accomodation"}],"about":[{"href":"https:\/\/tdbohinj.si\/en\/wp-json\/wp\/v2\/types\/td-accomodation"}],"version-history":[{"count":0,"href":"https:\/\/tdbohinj.si\/en\/wp-json\/wp\/v2\/td-accomodation\/7846\/revisions"}],"wp:featuredmedia":[{"embeddable":true,"href":"https:\/\/tdbohinj.si\/en\/wp-json\/wp\/v2\/media\/8575"}],"wp:attachment":[{"href":"https:\/\/tdbohinj.si\/en\/wp-json\/wp\/v2\/media?parent=7846"}],"wp:term":[{"taxonomy":"badge","embeddable":true,"href":"https:\/\/tdbohinj.si\/en\/wp-json\/wp\/v2\/badge?post=7846"},{"taxonomy":"nastanitev-kategorija","embeddable":true,"href":"https:\/\/tdbohinj.si\/en\/wp-json\/wp\/v2\/nastanitev-kategorija?post=7846"},{"taxonomy":"nastanitev-lokacija","embeddable":true,"href":"https:\/\/tdbohinj.si\/en\/wp-json\/wp\/v2\/nastanitev-lokacija?post=7846"}],"curies":[{"name":"wp","href":"https:\/\/api.w.org\/{rel}","templated":true}]}}